{"id":12523,"date":"2025-11-21T12:56:36","date_gmt":"2025-11-21T17:56:36","guid":{"rendered":"https:\/\/pmecdvlangues.ca\/maritimes\/"},"modified":"2026-02-09T13:44:24","modified_gmt":"2026-02-09T18:44:24","slug":"atlantic-provinces","status":"publish","type":"page","link":"https:\/\/pmecdvlangues.ca\/en\/atlantic-provinces\/","title":{"rendered":"Atlantic Provinces"},"content":{"rendered":"\t\t<div data-elementor-type=\"wp-page\" data-elementor-id=\"12523\" class=\"elementor elementor-12523 elementor-12333\" data-elementor-settings=\"[]\">\n\t\t\t\t\t\t<div class=\"elementor-inner\">\n\t\t\t\t\t\t\t<div class=\"elementor-section-wrap\">\n\t\t\t\t\t\t\t<section class=\"elementor-section elementor-top-section elementor-element elementor-element-43633c5 elementor-section-content-middle elementor-section-boxed elementor-section-height-default elementor-section-height-default\" data-id=\"43633c5\" data-element_type=\"section\">\n\t\t\t\t\t\t<div class=\"elementor-container elementor-column-gap-default\">\n\t\t\t\t\t\t\t<div class=\"elementor-row\">\n\t\t\t\t\t<div class=\"elementor-column elementor-col-100 elementor-top-column elementor-element elementor-element-710e116\" data-id=\"710e116\" data-element_type=\"column\">\n\t\t\t<div class=\"elementor-column-wrap elementor-element-populated\">\n\t\t\t\t\t\t\t<div class=\"elementor-widget-wrap\">\n\t\t\t\t\t\t<div class=\"elementor-element elementor-element-ee519a0 elementor-widget elementor-widget-rs-heading\" data-id=\"ee519a0\" data-element_type=\"widget\" data-widget_type=\"rs-heading.default\">\n\t\t\t\t<div class=\"elementor-widget-container\">\n\t\t\t        <div class=\"rs-heading default center\">\r\n        \t<div class=\"title-inner\">\r\n        \t\t      \t\t\r\n\t            <h2 class=\"title\"><span class=\"watermark\"><\/span>Language courses in the Atlantic Provinces\n<\/h2>\t        <\/div>\r\n\t                    \t<div class=\"description\">\r\n            \t\t<p><strong>Since the adoption of Quebec\u2019s Bill 96 in 2022 and Canada\u2019s Bill C-13 in 2025, the French language has taken on a strengthened role in workplaces. Article 46 of Bill 96 now requires Canadian businesses to ensure that their employees are able to communicate in French with francophone clients across Canada.<\/strong><\/p>            \t\t\r\n            \t<\/div>\r\n        \t        <\/div>\r\n        \t\t<\/div>\n\t\t\t\t<\/div>\n\t\t\t\t\t\t<\/div>\n\t\t\t\t\t<\/div>\n\t\t<\/div>\n\t\t\t\t\t\t\t\t<\/div>\n\t\t\t\t\t<\/div>\n\t\t<\/section>\n\t\t\t\t<section class=\"elementor-section elementor-top-section elementor-element elementor-element-16d21b7 elementor-section-content-middle elementor-section-boxed elementor-section-height-default elementor-section-height-default\" data-id=\"16d21b7\" data-element_type=\"section\">\n\t\t\t\t\t\t<div class=\"elementor-container elementor-column-gap-default\">\n\t\t\t\t\t\t\t<div class=\"elementor-row\">\n\t\t\t\t\t<div class=\"elementor-column elementor-col-50 elementor-top-column elementor-element elementor-element-65b17db\" data-id=\"65b17db\" data-element_type=\"column\">\n\t\t\t<div class=\"elementor-column-wrap elementor-element-populated\">\n\t\t\t\t\t\t\t<div class=\"elementor-widget-wrap\">\n\t\t\t\t\t\t<div class=\"elementor-element elementor-element-42aa673 elementor-widget elementor-widget-rs-heading\" data-id=\"42aa673\" data-element_type=\"widget\" data-widget_type=\"rs-heading.default\">\n\t\t\t\t<div class=\"elementor-widget-container\">\n\t\t\t        <div class=\"rs-heading default \">\r\n        \t<div class=\"title-inner\">\r\n        \t\t      \t\t\r\n\t            \t        <\/div>\r\n\t                    \t<div class=\"description\">\r\n            \t\t<p><strong>Language Training Tailored to the Realities of the Antltic Provinces<\/strong><\/p><p>PMECDV Languages supports businesses in the Atlantic provinces with French, English, and Spanish training programs designed to improve workplace communication. Our approach takes into account the specific needs of New Brunswick, Nova Scotia, Prince Edward Island, and Newfoundland and Labrador, where bilingualism and an international workforce play an increasingly important role.<\/p>            \t\t\r\n            \t<\/div>\r\n        \t        <\/div>\r\n        \t\t<\/div>\n\t\t\t\t<\/div>\n\t\t\t\t\t\t<\/div>\n\t\t\t\t\t<\/div>\n\t\t<\/div>\n\t\t\t\t<div class=\"elementor-column elementor-col-50 elementor-top-column elementor-element elementor-element-7278671\" data-id=\"7278671\" data-element_type=\"column\">\n\t\t\t<div class=\"elementor-column-wrap elementor-element-populated\">\n\t\t\t\t\t\t\t<div class=\"elementor-widget-wrap\">\n\t\t\t\t\t\t<div class=\"elementor-element elementor-element-a1c70b2 elementor-widget elementor-widget-image\" data-id=\"a1c70b2\" data-element_type=\"widget\" data-widget_type=\"image.default\">\n\t\t\t\t<div class=\"elementor-widget-container\">\n\t\t\t\t\t\t\t\t<div class=\"elementor-image\">\n\t\t\t\t\t\t\t\t\t\t\t\t<img loading=\"lazy\" decoding=\"async\" width=\"640\" height=\"478\" src=\"https:\/\/pmecdvlangues.ca\/wp-content\/uploads\/2025\/11\/cours-de-langues-moncto.webp\" class=\"attachment-large size-large\" alt=\"cours de langues moncto\" srcset=\"https:\/\/pmecdvlangues.ca\/wp-content\/uploads\/2025\/11\/cours-de-langues-moncto.webp 800w, https:\/\/pmecdvlangues.ca\/wp-content\/uploads\/2025\/11\/cours-de-langues-moncto-300x224.webp 300w, https:\/\/pmecdvlangues.ca\/wp-content\/uploads\/2025\/11\/cours-de-langues-moncto-768x573.webp 768w, https:\/\/pmecdvlangues.ca\/wp-content\/uploads\/2025\/11\/cours-de-langues-moncto-600x448.webp 600w\" sizes=\"auto, (max-width: 640px) 100vw, 640px\" \/>\t\t\t\t\t\t\t\t\t\t\t\t\t\t<\/div>\n\t\t\t\t\t\t<\/div>\n\t\t\t\t<\/div>\n\t\t\t\t\t\t<\/div>\n\t\t\t\t\t<\/div>\n\t\t<\/div>\n\t\t\t\t\t\t\t\t<\/div>\n\t\t\t\t\t<\/div>\n\t\t<\/section>\n\t\t\t\t<section class=\"elementor-section elementor-top-section elementor-element elementor-element-669b868 elementor-section-content-middle elementor-section-boxed elementor-section-height-default elementor-section-height-default\" data-id=\"669b868\" data-element_type=\"section\">\n\t\t\t\t\t\t<div class=\"elementor-container elementor-column-gap-default\">\n\t\t\t\t\t\t\t<div class=\"elementor-row\">\n\t\t\t\t\t<div class=\"elementor-column elementor-col-50 elementor-top-column elementor-element elementor-element-08b5fb6\" data-id=\"08b5fb6\" data-element_type=\"column\">\n\t\t\t<div class=\"elementor-column-wrap elementor-element-populated\">\n\t\t\t\t\t\t\t<div class=\"elementor-widget-wrap\">\n\t\t\t\t\t\t<div class=\"elementor-element elementor-element-dd797ce elementor-widget elementor-widget-image\" data-id=\"dd797ce\" data-element_type=\"widget\" data-widget_type=\"image.default\">\n\t\t\t\t<div class=\"elementor-widget-container\">\n\t\t\t\t\t\t\t\t<div class=\"elementor-image\">\n\t\t\t\t\t\t\t\t\t\t\t\t<img loading=\"lazy\" decoding=\"async\" width=\"640\" height=\"475\" src=\"https:\/\/pmecdvlangues.ca\/wp-content\/uploads\/2025\/11\/cours-de-langues-ile-du-prince-edouard.webp\" class=\"attachment-large size-large\" alt=\"cours de langues ile du prince edouard\" srcset=\"https:\/\/pmecdvlangues.ca\/wp-content\/uploads\/2025\/11\/cours-de-langues-ile-du-prince-edouard.webp 800w, https:\/\/pmecdvlangues.ca\/wp-content\/uploads\/2025\/11\/cours-de-langues-ile-du-prince-edouard-300x223.webp 300w, https:\/\/pmecdvlangues.ca\/wp-content\/uploads\/2025\/11\/cours-de-langues-ile-du-prince-edouard-768x570.webp 768w, https:\/\/pmecdvlangues.ca\/wp-content\/uploads\/2025\/11\/cours-de-langues-ile-du-prince-edouard-600x446.webp 600w\" sizes=\"auto, (max-width: 640px) 100vw, 640px\" \/>\t\t\t\t\t\t\t\t\t\t\t\t\t\t<\/div>\n\t\t\t\t\t\t<\/div>\n\t\t\t\t<\/div>\n\t\t\t\t\t\t<\/div>\n\t\t\t\t\t<\/div>\n\t\t<\/div>\n\t\t\t\t<div class=\"elementor-column elementor-col-50 elementor-top-column elementor-element elementor-element-1f154cf\" data-id=\"1f154cf\" data-element_type=\"column\">\n\t\t\t<div class=\"elementor-column-wrap elementor-element-populated\">\n\t\t\t\t\t\t\t<div class=\"elementor-widget-wrap\">\n\t\t\t\t\t\t<div class=\"elementor-element elementor-element-a30533b elementor-widget elementor-widget-rs-heading\" data-id=\"a30533b\" data-element_type=\"widget\" data-widget_type=\"rs-heading.default\">\n\t\t\t\t<div class=\"elementor-widget-container\">\n\t\t\t        <div class=\"rs-heading default \">\r\n        \t<div class=\"title-inner\">\r\n        \t\t      \t\t\r\n\t            \t        <\/div>\r\n\t                    \t<div class=\"description\">\r\n            \t\t<p><strong>A Unique Expertise for a Diverse Workforce<\/strong><\/p><p>Employers in the Antlantic Provinces must navigate multicultural teams, international workers, and bilingual requirements\u2014particularly in New Brunswick. Our customized programs address these challenges: English training for immigrant employees, French training for anglophone businesses, and Spanish training for agricultural supervisors. All of our courses focus on intercultural communication and real operational needs.<\/p>            \t\t\r\n            \t<\/div>\r\n        \t        <\/div>\r\n        \t\t<\/div>\n\t\t\t\t<\/div>\n\t\t\t\t\t\t<\/div>\n\t\t\t\t\t<\/div>\n\t\t<\/div>\n\t\t\t\t\t\t\t\t<\/div>\n\t\t\t\t\t<\/div>\n\t\t<\/section>\n\t\t\t\t<section class=\"elementor-section elementor-top-section elementor-element elementor-element-ef24572 elementor-section-content-middle elementor-section-boxed elementor-section-height-default elementor-section-height-default\" data-id=\"ef24572\" data-element_type=\"section\">\n\t\t\t\t\t\t<div class=\"elementor-container elementor-column-gap-default\">\n\t\t\t\t\t\t\t<div class=\"elementor-row\">\n\t\t\t\t\t<div class=\"elementor-column elementor-col-50 elementor-top-column elementor-element elementor-element-de22996\" data-id=\"de22996\" data-element_type=\"column\">\n\t\t\t<div class=\"elementor-column-wrap elementor-element-populated\">\n\t\t\t\t\t\t\t<div class=\"elementor-widget-wrap\">\n\t\t\t\t\t\t<div class=\"elementor-element elementor-element-9470454 elementor-widget elementor-widget-rs-heading\" data-id=\"9470454\" data-element_type=\"widget\" data-widget_type=\"rs-heading.default\">\n\t\t\t\t<div class=\"elementor-widget-container\">\n\t\t\t        <div class=\"rs-heading default \">\r\n        \t<div class=\"title-inner\">\r\n        \t\t      \t\t\r\n\t            \t        <\/div>\r\n\t                    \t<div class=\"description\">\r\n            \t\t<p><strong>Flexible Solutions for All Key Sectors<\/strong><\/p><p>We support organizations across the region\u2019s priority sectors: healthcare, call centers, agri-food, manufacturing, logistics, tourism, education, and natural resources. Our 10- to 40-hour training programs, offered online or in hybrid format, help quickly improve internal communication and enhance productivity in a multilingual environment.<\/p><p><strong>Our mission:<\/strong> to help your organization communicate better, integrate its teams more effectively, and serve its clients more efficiently throughout the Atlantic Provinces.<\/p>            \t\t\r\n            \t<\/div>\r\n        \t        <\/div>\r\n        \t\t<\/div>\n\t\t\t\t<\/div>\n\t\t\t\t\t\t<\/div>\n\t\t\t\t\t<\/div>\n\t\t<\/div>\n\t\t\t\t<div class=\"elementor-column elementor-col-50 elementor-top-column elementor-element elementor-element-942eabb\" data-id=\"942eabb\" data-element_type=\"column\">\n\t\t\t<div class=\"elementor-column-wrap elementor-element-populated\">\n\t\t\t\t\t\t\t<div class=\"elementor-widget-wrap\">\n\t\t\t\t\t\t<div class=\"elementor-element elementor-element-d86f85b elementor-widget elementor-widget-image\" data-id=\"d86f85b\" data-element_type=\"widget\" data-widget_type=\"image.default\">\n\t\t\t\t<div class=\"elementor-widget-container\">\n\t\t\t\t\t\t\t\t<div class=\"elementor-image\">\n\t\t\t\t\t\t\t\t\t\t\t\t<img loading=\"lazy\" decoding=\"async\" width=\"640\" height=\"480\" src=\"https:\/\/pmecdvlangues.ca\/wp-content\/uploads\/2025\/11\/cours-de-langues-st-john-Terre-Neuve.jpg\" class=\"attachment-large size-large\" alt=\"cours de langues st-john Terre-Neuve\" srcset=\"https:\/\/pmecdvlangues.ca\/wp-content\/uploads\/2025\/11\/cours-de-langues-st-john-Terre-Neuve.jpg 800w, https:\/\/pmecdvlangues.ca\/wp-content\/uploads\/2025\/11\/cours-de-langues-st-john-Terre-Neuve-300x225.jpg 300w, https:\/\/pmecdvlangues.ca\/wp-content\/uploads\/2025\/11\/cours-de-langues-st-john-Terre-Neuve-768x576.jpg 768w, https:\/\/pmecdvlangues.ca\/wp-content\/uploads\/2025\/11\/cours-de-langues-st-john-Terre-Neuve-600x450.jpg 600w\" sizes=\"auto, (max-width: 640px) 100vw, 640px\" \/>\t\t\t\t\t\t\t\t\t\t\t\t\t\t<\/div>\n\t\t\t\t\t\t<\/div>\n\t\t\t\t<\/div>\n\t\t\t\t\t\t<\/div>\n\t\t\t\t\t<\/div>\n\t\t<\/div>\n\t\t\t\t\t\t\t\t<\/div>\n\t\t\t\t\t<\/div>\n\t\t<\/section>\n\t\t\t\t\t\t<\/div>\n\t\t\t\t\t\t<\/div>\n\t\t\t\t\t<\/div>\n\t\t","protected":false},"excerpt":{"rendered":"<p>Language courses in the Atlantic Provinces Since the adoption of Quebec\u2019s Bill 96 in 2022 and Canada\u2019s Bill C-13 in 2025, the French language has taken on a strengthened role in workplaces. Article 46 of Bill 96 now requires Canadian businesses to ensure that their employees are able to communicate in French with francophone clients&#8230;<\/p>\n","protected":false},"author":1,"featured_media":0,"parent":0,"menu_order":0,"comment_status":"closed","ping_status":"closed","template":"","meta":{"_exactmetrics_skip_tracking":false,"_exactmetrics_sitenote_active":false,"_exactmetrics_sitenote_note":"","_exactmetrics_sitenote_category":0,"footnotes":""},"class_list":["post-12523","page","type-page","status-publish","hentry"],"yoast_head":"<!-- This site is optimized with the Yoast SEO plugin v25.6 - https:\/\/yoast.com\/wordpress\/plugins\/seo\/ -->\n<title>Atlantic Provinces - PME CDV Langues | \u00c9cole de langues<\/title>\n<meta name=\"description\" content=\"Depuis l\u2019adoption de la Loi 96 du Qu\u00e9bec en 2022 et la loi C-13 au Canada en 2025, la langue fran\u00e7aise occupe une place renforc\u00e9e dans les milieux de travail\" \/>\n<meta name=\"robots\" content=\"index, follow, max-snippet:-1, max-image-preview:large, max-video-preview:-1\" \/>\n<link rel=\"canonical\" href=\"https:\/\/pmecdvlangues.ca\/en\/atlantic-provinces\/\" \/>\n<meta property=\"og:locale\" content=\"en_US\" \/>\n<meta property=\"og:type\" content=\"article\" \/>\n<meta property=\"og:title\" content=\"Maritimes - PMECDV Langues | \u00c9cole de langues\" \/>\n<meta property=\"og:description\" content=\"Depuis l\u2019adoption de la Loi 96 du Qu\u00e9bec en 2022 et la loi C-13 au Canada en 2025, la langue fran\u00e7aise occupe une place renforc\u00e9e dans les milieux de travail\" \/>\n<meta property=\"og:url\" content=\"https:\/\/pmecdvlangues.ca\/en\/atlantic-provinces\/\" \/>\n<meta property=\"og:site_name\" content=\"PME CDV Langues\" \/>\n<meta property=\"article:publisher\" content=\"https:\/\/www.facebook.com\/PMECLIC\" \/>\n<meta property=\"article:modified_time\" content=\"2026-02-09T18:44:24+00:00\" \/>\n<meta property=\"og:image\" content=\"https:\/\/pmecdvlangues.ca\/wp-content\/uploads\/2025\/11\/cours-de-langues-moncto.webp\" \/>\n<meta name=\"twitter:card\" content=\"summary_large_image\" \/>\n<meta name=\"twitter:title\" content=\"Maritimes - PMECDV Langues | \u00c9cole de langues\" \/>\n<meta name=\"twitter:description\" content=\"Depuis l\u2019adoption de la Loi 96 du Qu\u00e9bec en 2022 et la loi C-13 au Canada en 2025, la langue fran\u00e7aise occupe une place renforc\u00e9e dans les milieux de travail\" \/>\n<meta name=\"twitter:label1\" content=\"Est. reading time\" \/>\n\t<meta name=\"twitter:data1\" content=\"2 minutes\" \/>\n<script type=\"application\/ld+json\" class=\"yoast-schema-graph\">{\"@context\":\"https:\/\/schema.org\",\"@graph\":[{\"@type\":\"WebPage\",\"@id\":\"https:\/\/pmecdvlangues.ca\/en\/atlantic-provinces\/\",\"url\":\"https:\/\/pmecdvlangues.ca\/en\/atlantic-provinces\/\",\"name\":\"Atlantic Provinces - PME CDV Langues | \u00c9cole de langues\",\"isPartOf\":{\"@id\":\"https:\/\/pmecdvlangues.ca\/en\/#website\"},\"primaryImageOfPage\":{\"@id\":\"https:\/\/pmecdvlangues.ca\/en\/atlantic-provinces\/#primaryimage\"},\"image\":{\"@id\":\"https:\/\/pmecdvlangues.ca\/en\/atlantic-provinces\/#primaryimage\"},\"thumbnailUrl\":\"https:\/\/pmecdvlangues.ca\/wp-content\/uploads\/2025\/11\/cours-de-langues-moncto.webp\",\"datePublished\":\"2025-11-21T17:56:36+00:00\",\"dateModified\":\"2026-02-09T18:44:24+00:00\",\"description\":\"Depuis l\u2019adoption de la Loi 96 du Qu\u00e9bec en 2022 et la loi C-13 au Canada en 2025, la langue fran\u00e7aise occupe une place renforc\u00e9e dans les milieux de travail\",\"breadcrumb\":{\"@id\":\"https:\/\/pmecdvlangues.ca\/en\/atlantic-provinces\/#breadcrumb\"},\"inLanguage\":\"en-US\",\"potentialAction\":[{\"@type\":\"ReadAction\",\"target\":[\"https:\/\/pmecdvlangues.ca\/en\/atlantic-provinces\/\"]}]},{\"@type\":\"ImageObject\",\"inLanguage\":\"en-US\",\"@id\":\"https:\/\/pmecdvlangues.ca\/en\/atlantic-provinces\/#primaryimage\",\"url\":\"https:\/\/pmecdvlangues.ca\/wp-content\/uploads\/2025\/11\/cours-de-langues-moncto.webp\",\"contentUrl\":\"https:\/\/pmecdvlangues.ca\/wp-content\/uploads\/2025\/11\/cours-de-langues-moncto.webp\"},{\"@type\":\"BreadcrumbList\",\"@id\":\"https:\/\/pmecdvlangues.ca\/en\/atlantic-provinces\/#breadcrumb\",\"itemListElement\":[{\"@type\":\"ListItem\",\"position\":1,\"name\":\"Home\",\"item\":\"https:\/\/pmecdvlangues.ca\/en\/\"},{\"@type\":\"ListItem\",\"position\":2,\"name\":\"Atlantic Provinces\"}]},{\"@type\":\"WebSite\",\"@id\":\"https:\/\/pmecdvlangues.ca\/en\/#website\",\"url\":\"https:\/\/pmecdvlangues.ca\/en\/\",\"name\":\"PME CDV Langues\",\"description\":\"\",\"publisher\":{\"@id\":\"https:\/\/pmecdvlangues.ca\/en\/#organization\"},\"potentialAction\":[{\"@type\":\"SearchAction\",\"target\":{\"@type\":\"EntryPoint\",\"urlTemplate\":\"https:\/\/pmecdvlangues.ca\/en\/?s={search_term_string}\"},\"query-input\":{\"@type\":\"PropertyValueSpecification\",\"valueRequired\":true,\"valueName\":\"search_term_string\"}}],\"inLanguage\":\"en-US\"},{\"@type\":\"Organization\",\"@id\":\"https:\/\/pmecdvlangues.ca\/en\/#organization\",\"name\":\"CLIC Mont\u00e9r\u00e9gie\",\"url\":\"https:\/\/pmecdvlangues.ca\/en\/\",\"logo\":{\"@type\":\"ImageObject\",\"inLanguage\":\"en-US\",\"@id\":\"https:\/\/pmecdvlangues.ca\/en\/#\/schema\/logo\/image\/\",\"url\":\"https:\/\/pmecdvlangues.ca\/wp-content\/uploads\/2021\/01\/logo-clic.jpg\",\"contentUrl\":\"https:\/\/pmecdvlangues.ca\/wp-content\/uploads\/2021\/01\/logo-clic.jpg\",\"width\":1000,\"height\":1000,\"caption\":\"CLIC Mont\u00e9r\u00e9gie\"},\"image\":{\"@id\":\"https:\/\/pmecdvlangues.ca\/en\/#\/schema\/logo\/image\/\"},\"sameAs\":[\"https:\/\/www.facebook.com\/PMECLIC\"]}]}<\/script>\n<!-- \/ Yoast SEO plugin. -->","yoast_head_json":{"title":"Atlantic Provinces - PME CDV Langues | \u00c9cole de langues","description":"Depuis l\u2019adoption de la Loi 96 du Qu\u00e9bec en 2022 et la loi C-13 au Canada en 2025, la langue fran\u00e7aise occupe une place renforc\u00e9e dans les milieux de travail","robots":{"index":"index","follow":"follow","max-snippet":"max-snippet:-1","max-image-preview":"max-image-preview:large","max-video-preview":"max-video-preview:-1"},"canonical":"https:\/\/pmecdvlangues.ca\/en\/atlantic-provinces\/","og_locale":"en_US","og_type":"article","og_title":"Maritimes - PMECDV Langues | \u00c9cole de langues","og_description":"Depuis l\u2019adoption de la Loi 96 du Qu\u00e9bec en 2022 et la loi C-13 au Canada en 2025, la langue fran\u00e7aise occupe une place renforc\u00e9e dans les milieux de travail","og_url":"https:\/\/pmecdvlangues.ca\/en\/atlantic-provinces\/","og_site_name":"PME CDV Langues","article_publisher":"https:\/\/www.facebook.com\/PMECLIC","article_modified_time":"2026-02-09T18:44:24+00:00","og_image":[{"url":"https:\/\/pmecdvlangues.ca\/wp-content\/uploads\/2025\/11\/cours-de-langues-moncto.webp","type":"","width":"","height":""}],"twitter_card":"summary_large_image","twitter_title":"Maritimes - PMECDV Langues | \u00c9cole de langues","twitter_description":"Depuis l\u2019adoption de la Loi 96 du Qu\u00e9bec en 2022 et la loi C-13 au Canada en 2025, la langue fran\u00e7aise occupe une place renforc\u00e9e dans les milieux de travail","twitter_misc":{"Est. reading time":"2 minutes"},"schema":{"@context":"https:\/\/schema.org","@graph":[{"@type":"WebPage","@id":"https:\/\/pmecdvlangues.ca\/en\/atlantic-provinces\/","url":"https:\/\/pmecdvlangues.ca\/en\/atlantic-provinces\/","name":"Atlantic Provinces - PME CDV Langues | \u00c9cole de langues","isPartOf":{"@id":"https:\/\/pmecdvlangues.ca\/en\/#website"},"primaryImageOfPage":{"@id":"https:\/\/pmecdvlangues.ca\/en\/atlantic-provinces\/#primaryimage"},"image":{"@id":"https:\/\/pmecdvlangues.ca\/en\/atlantic-provinces\/#primaryimage"},"thumbnailUrl":"https:\/\/pmecdvlangues.ca\/wp-content\/uploads\/2025\/11\/cours-de-langues-moncto.webp","datePublished":"2025-11-21T17:56:36+00:00","dateModified":"2026-02-09T18:44:24+00:00","description":"Depuis l\u2019adoption de la Loi 96 du Qu\u00e9bec en 2022 et la loi C-13 au Canada en 2025, la langue fran\u00e7aise occupe une place renforc\u00e9e dans les milieux de travail","breadcrumb":{"@id":"https:\/\/pmecdvlangues.ca\/en\/atlantic-provinces\/#breadcrumb"},"inLanguage":"en-US","potentialAction":[{"@type":"ReadAction","target":["https:\/\/pmecdvlangues.ca\/en\/atlantic-provinces\/"]}]},{"@type":"ImageObject","inLanguage":"en-US","@id":"https:\/\/pmecdvlangues.ca\/en\/atlantic-provinces\/#primaryimage","url":"https:\/\/pmecdvlangues.ca\/wp-content\/uploads\/2025\/11\/cours-de-langues-moncto.webp","contentUrl":"https:\/\/pmecdvlangues.ca\/wp-content\/uploads\/2025\/11\/cours-de-langues-moncto.webp"},{"@type":"BreadcrumbList","@id":"https:\/\/pmecdvlangues.ca\/en\/atlantic-provinces\/#breadcrumb","itemListElement":[{"@type":"ListItem","position":1,"name":"Home","item":"https:\/\/pmecdvlangues.ca\/en\/"},{"@type":"ListItem","position":2,"name":"Atlantic Provinces"}]},{"@type":"WebSite","@id":"https:\/\/pmecdvlangues.ca\/en\/#website","url":"https:\/\/pmecdvlangues.ca\/en\/","name":"PME CDV Langues","description":"","publisher":{"@id":"https:\/\/pmecdvlangues.ca\/en\/#organization"},"potentialAction":[{"@type":"SearchAction","target":{"@type":"EntryPoint","urlTemplate":"https:\/\/pmecdvlangues.ca\/en\/?s={search_term_string}"},"query-input":{"@type":"PropertyValueSpecification","valueRequired":true,"valueName":"search_term_string"}}],"inLanguage":"en-US"},{"@type":"Organization","@id":"https:\/\/pmecdvlangues.ca\/en\/#organization","name":"CLIC Mont\u00e9r\u00e9gie","url":"https:\/\/pmecdvlangues.ca\/en\/","logo":{"@type":"ImageObject","inLanguage":"en-US","@id":"https:\/\/pmecdvlangues.ca\/en\/#\/schema\/logo\/image\/","url":"https:\/\/pmecdvlangues.ca\/wp-content\/uploads\/2021\/01\/logo-clic.jpg","contentUrl":"https:\/\/pmecdvlangues.ca\/wp-content\/uploads\/2021\/01\/logo-clic.jpg","width":1000,"height":1000,"caption":"CLIC Mont\u00e9r\u00e9gie"},"image":{"@id":"https:\/\/pmecdvlangues.ca\/en\/#\/schema\/logo\/image\/"},"sameAs":["https:\/\/www.facebook.com\/PMECLIC"]}]}},"_links":{"self":[{"href":"https:\/\/pmecdvlangues.ca\/en\/wp-json\/wp\/v2\/pages\/12523","targetHints":{"allow":["GET"]}}],"collection":[{"href":"https:\/\/pmecdvlangues.ca\/en\/wp-json\/wp\/v2\/pages"}],"about":[{"href":"https:\/\/pmecdvlangues.ca\/en\/wp-json\/wp\/v2\/types\/page"}],"author":[{"embeddable":true,"href":"https:\/\/pmecdvlangues.ca\/en\/wp-json\/wp\/v2\/users\/1"}],"replies":[{"embeddable":true,"href":"https:\/\/pmecdvlangues.ca\/en\/wp-json\/wp\/v2\/comments?post=12523"}],"version-history":[{"count":10,"href":"https:\/\/pmecdvlangues.ca\/en\/wp-json\/wp\/v2\/pages\/12523\/revisions"}],"predecessor-version":[{"id":12655,"href":"https:\/\/pmecdvlangues.ca\/en\/wp-json\/wp\/v2\/pages\/12523\/revisions\/12655"}],"wp:attachment":[{"href":"https:\/\/pmecdvlangues.ca\/en\/wp-json\/wp\/v2\/media?parent=12523"}],"curies":[{"name":"wp","href":"https:\/\/api.w.org\/{rel}","templated":true}]}}